{"id":1768,"date":"2024-07-18T17:17:21","date_gmt":"2024-07-18T17:17:21","guid":{"rendered":"https:\/\/www.ongparaocio.org\/?page_id=1768"},"modified":"2024-07-18T17:27:45","modified_gmt":"2024-07-18T17:27:45","slug":"noticias","status":"publish","type":"page","link":"https:\/\/www.ongparaocio.org\/index.php\/noticias\/","title":{"rendered":"Noticias"},"content":{"rendered":"<div class=\"fusion-fullwidth fullwidth-box fusion-builder-row-1 fusion-flex-container has-pattern-background has-mask-background nonhundred-percent-fullwidth non-hundred-percent-height-scrolling\" style=\"--awb-border-radius-top-left:0px;--awb-border-radius-top-right:0px;--awb-border-radius-bottom-right:0px;--awb-border-radius-bottom-left:0px;--awb-flex-wrap:wrap;\" ><div class=\"fusion-builder-row fusion-row fusion-flex-align-items-flex-start fusion-flex-content-wrap\" style=\"max-width:1216.8px;margin-left: calc(-4% \/ 2 );margin-right: calc(-4% \/ 2 );\"><div class=\"fusion-layout-column fusion_builder_column fusion-builder-column-0 fusion_builder_column_1_1 1_1 fusion-flex-column\" style=\"--awb-bg-size:cover;--awb-width-large:100%;--awb-margin-top-large:0px;--awb-spacing-right-large:1.92%;--awb-margin-bottom-large:20px;--awb-spacing-left-large:1.92%;--awb-width-medium:100%;--awb-order-medium:0;--awb-spacing-right-medium:1.92%;--awb-spacing-left-medium:1.92%;--awb-width-small:100%;--awb-order-small:0;--awb-spacing-right-small:1.92%;--awb-spacing-left-small:1.92%;\"><div class=\"fusion-column-wrapper fusion-column-has-shadow fusion-flex-justify-content-flex-start fusion-content-layout-column\"><div class=\"fusion-recent-posts fusion-recent-posts-1 avada-container layout-default layout-columns-3\"><section class=\"fusion-columns columns fusion-columns-3 columns-3\"><article class=\"post fusion-column column col col-lg-4 col-md-4 col-sm-4\"><div class=\"fusion-flexslider fusion-flexslider-loading flexslider flexslider-hover-type-none\"><ul class=\"slides\"><li><a href=\"https:\/\/www.ongparaocio.org\/index.php\/2025\/11\/13\/fortes-rodriguez-asesores-benalmadena-accesible\/\" aria-label=\"FORTES &#038; RODR\u00cdGUEZ ASESORES BENALM\u00c1DENA ACCESIBLE\" class=\"hover-type-none\"><img decoding=\"async\" width=\"700\" height=\"441\" src=\"https:\/\/www.ongparaocio.org\/wp-content\/uploads\/2025\/11\/WhatsApp-Image-2025-11-13-at-12.46.05-700x441.jpeg\" class=\"attachment-recent-posts size-recent-posts lazyload\" alt=\"\" srcset=\"data:image\/svg+xml,%3Csvg%20xmlns%3D%27http%3A%2F%2Fwww.w3.org%2F2000%2Fsvg%27%20width%3D%271600%27%20height%3D%271256%27%20viewBox%3D%270%200%201600%201256%27%3E%3Crect%20width%3D%271600%27%20height%3D%271256%27%20fill-opacity%3D%220%22%2F%3E%3C%2Fsvg%3E\" data-orig-src=\"https:\/\/www.ongparaocio.org\/wp-content\/uploads\/2025\/11\/WhatsApp-Image-2025-11-13-at-12.46.05-700x441.jpeg\" data-srcset=\"https:\/\/www.ongparaocio.org\/wp-content\/uploads\/2025\/11\/WhatsApp-Image-2025-11-13-at-12.46.05-320x202.jpeg 320w, https:\/\/www.ongparaocio.org\/wp-content\/uploads\/2025\/11\/WhatsApp-Image-2025-11-13-at-12.46.05-700x441.jpeg 700w\" data-sizes=\"auto\" \/><\/a><\/li><li><a href=\"https:\/\/www.ongparaocio.org\/index.php\/2025\/11\/13\/fortes-rodriguez-asesores-benalmadena-accesible\/\" aria-label=\"FORTES &#038; RODR\u00cdGUEZ ASESORES BENALM\u00c1DENA ACCESIBLE\" class=\"hover-type-none\"><img decoding=\"async\" width=\"700\" height=\"441\" src=\"https:\/\/www.ongparaocio.org\/wp-content\/uploads\/2025\/11\/WhatsApp-Image-2025-11-13-at-12.46.05-1-700x441.jpeg\" class=\"attachment-recent-posts size-recent-posts lazyload\" alt=\"\" srcset=\"data:image\/svg+xml,%3Csvg%20xmlns%3D%27http%3A%2F%2Fwww.w3.org%2F2000%2Fsvg%27%20width%3D%271600%27%20height%3D%271200%27%20viewBox%3D%270%200%201600%201200%27%3E%3Crect%20width%3D%271600%27%20height%3D%271200%27%20fill-opacity%3D%220%22%2F%3E%3C%2Fsvg%3E\" data-orig-src=\"https:\/\/www.ongparaocio.org\/wp-content\/uploads\/2025\/11\/WhatsApp-Image-2025-11-13-at-12.46.05-1-700x441.jpeg\" data-srcset=\"https:\/\/www.ongparaocio.org\/wp-content\/uploads\/2025\/11\/WhatsApp-Image-2025-11-13-at-12.46.05-1-320x202.jpeg 320w, https:\/\/www.ongparaocio.org\/wp-content\/uploads\/2025\/11\/WhatsApp-Image-2025-11-13-at-12.46.05-1-700x441.jpeg 700w\" data-sizes=\"auto\" \/><\/a><\/li><\/ul><\/div><div class=\"recent-posts-content\"><span class=\"vcard\" style=\"display: none;\"><span class=\"fn\"><a href=\"https:\/\/www.ongparaocio.org\/index.php\/author\/ong-para-ocio\/\" title=\"Entradas de Jorge Rom\u00e1n\" rel=\"author\">Jorge Rom\u00e1n<\/a><\/span><\/span><span class=\"updated\" style=\"display:none;\">2025-11-13T13:18:27+00:00<\/span><h4 class=\"entry-title\"><a href=\"https:\/\/www.ongparaocio.org\/index.php\/2025\/11\/13\/fortes-rodriguez-asesores-benalmadena-accesible\/\">FORTES &#038; RODR\u00cdGUEZ ASESORES BENALM\u00c1DENA ACCESIBLE<\/a><\/h4><p class=\"meta\"><span class=\"vcard\" style=\"display: none;\"><span class=\"fn\"><a href=\"https:\/\/www.ongparaocio.org\/index.php\/author\/ong-para-ocio\/\" title=\"Entradas de Jorge Rom\u00e1n\" rel=\"author\">Jorge Rom\u00e1n<\/a><\/span><\/span><span class=\"updated\" style=\"display:none;\">2025-11-13T13:18:27+00:00<\/span><span>noviembre 13th, 2025<\/span><span class=\"fusion-inline-sep\">|<\/span><span class=\"fusion-comments\"><a href=\"https:\/\/www.ongparaocio.org\/index.php\/2025\/11\/13\/fortes-rodriguez-asesores-benalmadena-accesible\/#respond\">0 Comments<\/a><\/span><\/p><p>Jes\u00fas Fortes Ruiz fundador de Fortes &amp; Rodr\u00edguez han recibido de manos del presidente de la ONG Paraocio Jorge Rom\u00e1n la placa de reconocimiento por cumplir con las normas que facilitan el acceso a todas[...]<\/p><\/div><\/article><article class=\"post fusion-column column col col-lg-4 col-md-4 col-sm-4\"><div class=\"fusion-flexslider fusion-flexslider-loading flexslider flexslider-hover-type-none\"><ul class=\"slides\"><li><a href=\"https:\/\/www.ongparaocio.org\/index.php\/2025\/11\/13\/cudeca-tienda-benalmadena-accesible\/\" aria-label=\"CUDECA TIENDA BENALM\u00c1DENA ACCESIBLE\" class=\"hover-type-none\"><img decoding=\"async\" width=\"700\" height=\"441\" src=\"https:\/\/www.ongparaocio.org\/wp-content\/uploads\/2025\/11\/WhatsApp-Image-2025-11-12-at-11.27.22-700x441.jpeg\" class=\"attachment-recent-posts size-recent-posts lazyload\" alt=\"\" srcset=\"data:image\/svg+xml,%3Csvg%20xmlns%3D%27http%3A%2F%2Fwww.w3.org%2F2000%2Fsvg%27%20width%3D%271600%27%20height%3D%271200%27%20viewBox%3D%270%200%201600%201200%27%3E%3Crect%20width%3D%271600%27%20height%3D%271200%27%20fill-opacity%3D%220%22%2F%3E%3C%2Fsvg%3E\" data-orig-src=\"https:\/\/www.ongparaocio.org\/wp-content\/uploads\/2025\/11\/WhatsApp-Image-2025-11-12-at-11.27.22-700x441.jpeg\" data-srcset=\"https:\/\/www.ongparaocio.org\/wp-content\/uploads\/2025\/11\/WhatsApp-Image-2025-11-12-at-11.27.22-320x202.jpeg 320w, https:\/\/www.ongparaocio.org\/wp-content\/uploads\/2025\/11\/WhatsApp-Image-2025-11-12-at-11.27.22-700x441.jpeg 700w\" data-sizes=\"auto\" \/><\/a><\/li><li><a href=\"https:\/\/www.ongparaocio.org\/index.php\/2025\/11\/13\/cudeca-tienda-benalmadena-accesible\/\" aria-label=\"CUDECA TIENDA BENALM\u00c1DENA ACCESIBLE\" class=\"hover-type-none\"><img decoding=\"async\" width=\"700\" height=\"441\" src=\"https:\/\/www.ongparaocio.org\/wp-content\/uploads\/2025\/11\/WhatsApp-Image-2025-11-12-at-11.26.13-700x441.jpeg\" class=\"attachment-recent-posts size-recent-posts lazyload\" alt=\"\" srcset=\"data:image\/svg+xml,%3Csvg%20xmlns%3D%27http%3A%2F%2Fwww.w3.org%2F2000%2Fsvg%27%20width%3D%271600%27%20height%3D%271249%27%20viewBox%3D%270%200%201600%201249%27%3E%3Crect%20width%3D%271600%27%20height%3D%271249%27%20fill-opacity%3D%220%22%2F%3E%3C%2Fsvg%3E\" data-orig-src=\"https:\/\/www.ongparaocio.org\/wp-content\/uploads\/2025\/11\/WhatsApp-Image-2025-11-12-at-11.26.13-700x441.jpeg\" data-srcset=\"https:\/\/www.ongparaocio.org\/wp-content\/uploads\/2025\/11\/WhatsApp-Image-2025-11-12-at-11.26.13-320x202.jpeg 320w, https:\/\/www.ongparaocio.org\/wp-content\/uploads\/2025\/11\/WhatsApp-Image-2025-11-12-at-11.26.13-700x441.jpeg 700w\" data-sizes=\"auto\" \/><\/a><\/li><\/ul><\/div><div class=\"recent-posts-content\"><span class=\"vcard\" style=\"display: none;\"><span class=\"fn\"><a href=\"https:\/\/www.ongparaocio.org\/index.php\/author\/ong-para-ocio\/\" title=\"Entradas de Jorge Rom\u00e1n\" rel=\"author\">Jorge Rom\u00e1n<\/a><\/span><\/span><span class=\"updated\" style=\"display:none;\">2025-11-13T13:15:20+00:00<\/span><h4 class=\"entry-title\"><a href=\"https:\/\/www.ongparaocio.org\/index.php\/2025\/11\/13\/cudeca-tienda-benalmadena-accesible\/\">CUDECA TIENDA BENALM\u00c1DENA ACCESIBLE<\/a><\/h4><p class=\"meta\"><span class=\"vcard\" style=\"display: none;\"><span class=\"fn\"><a href=\"https:\/\/www.ongparaocio.org\/index.php\/author\/ong-para-ocio\/\" title=\"Entradas de Jorge Rom\u00e1n\" rel=\"author\">Jorge Rom\u00e1n<\/a><\/span><\/span><span class=\"updated\" style=\"display:none;\">2025-11-13T13:15:20+00:00<\/span><span>noviembre 13th, 2025<\/span><span class=\"fusion-inline-sep\">|<\/span><span class=\"fusion-comments\"><a href=\"https:\/\/www.ongparaocio.org\/index.php\/2025\/11\/13\/cudeca-tienda-benalmadena-accesible\/#respond\">0 Comments<\/a><\/span><\/p><p>Mar\u00eda del Carmen Salazar Zambrana ha recibido de manos del presidente de la ONG Paraocio Jorge Rom\u00e1n la placa de reconocimiento por cumplir con las normas que facilitan el acceso a todas las personas con[...]<\/p><\/div><\/article><article class=\"post fusion-column column col col-lg-4 col-md-4 col-sm-4\"><div class=\"fusion-flexslider fusion-flexslider-loading flexslider flexslider-hover-type-none\"><ul class=\"slides\"><li><a href=\"https:\/\/www.ongparaocio.org\/index.php\/2025\/10\/24\/asuntos-sociales-benalmadena-accesible\/\" aria-label=\"ASUNTOS SOCIALES BENALM\u00c1DENA ACCESIBLE\" class=\"hover-type-none\"><img decoding=\"async\" width=\"700\" height=\"441\" src=\"https:\/\/www.ongparaocio.org\/wp-content\/uploads\/2025\/10\/WhatsApp-Image-2025-10-24-at-13.31.25-700x441.jpeg\" class=\"attachment-recent-posts size-recent-posts lazyload\" alt=\"\" srcset=\"data:image\/svg+xml,%3Csvg%20xmlns%3D%27http%3A%2F%2Fwww.w3.org%2F2000%2Fsvg%27%20width%3D%271600%27%20height%3D%271200%27%20viewBox%3D%270%200%201600%201200%27%3E%3Crect%20width%3D%271600%27%20height%3D%271200%27%20fill-opacity%3D%220%22%2F%3E%3C%2Fsvg%3E\" data-orig-src=\"https:\/\/www.ongparaocio.org\/wp-content\/uploads\/2025\/10\/WhatsApp-Image-2025-10-24-at-13.31.25-700x441.jpeg\" data-srcset=\"https:\/\/www.ongparaocio.org\/wp-content\/uploads\/2025\/10\/WhatsApp-Image-2025-10-24-at-13.31.25-320x202.jpeg 320w, https:\/\/www.ongparaocio.org\/wp-content\/uploads\/2025\/10\/WhatsApp-Image-2025-10-24-at-13.31.25-700x441.jpeg 700w\" data-sizes=\"auto\" \/><\/a><\/li><\/ul><\/div><div class=\"recent-posts-content\"><span class=\"vcard\" style=\"display: none;\"><span class=\"fn\"><a href=\"https:\/\/www.ongparaocio.org\/index.php\/author\/ong-para-ocio\/\" title=\"Entradas de Jorge Rom\u00e1n\" rel=\"author\">Jorge Rom\u00e1n<\/a><\/span><\/span><span class=\"updated\" style=\"display:none;\">2025-10-24T15:36:45+00:00<\/span><h4 class=\"entry-title\"><a href=\"https:\/\/www.ongparaocio.org\/index.php\/2025\/10\/24\/asuntos-sociales-benalmadena-accesible\/\">ASUNTOS SOCIALES BENALM\u00c1DENA ACCESIBLE<\/a><\/h4><p class=\"meta\"><span class=\"vcard\" style=\"display: none;\"><span class=\"fn\"><a href=\"https:\/\/www.ongparaocio.org\/index.php\/author\/ong-para-ocio\/\" title=\"Entradas de Jorge Rom\u00e1n\" rel=\"author\">Jorge Rom\u00e1n<\/a><\/span><\/span><span class=\"updated\" style=\"display:none;\">2025-10-24T15:36:45+00:00<\/span><span>octubre 24th, 2025<\/span><span class=\"fusion-inline-sep\">|<\/span><span class=\"fusion-comments\"><a href=\"https:\/\/www.ongparaocio.org\/index.php\/2025\/10\/24\/asuntos-sociales-benalmadena-accesible\/#respond\">0 Comments<\/a><\/span><\/p><p>Aurea Peralta Concejala de Asuntos Sociales y Jos\u00e9 Manuel Garc\u00eda coordinador del \u00e1rea han recibido de manos del presidente de la ONG Paraocio Jorge Rom\u00e1n la placa de reconocimiento por cumplir con las normas que[...]<\/p><\/div><\/article><article class=\"post fusion-column column col col-lg-4 col-md-4 col-sm-4\"><div class=\"fusion-flexslider fusion-flexslider-loading flexslider flexslider-hover-type-none\"><ul class=\"slides\"><li><a href=\"https:\/\/www.ongparaocio.org\/index.php\/2025\/10\/06\/tienda-cudeca-benalmadena-accesible\/\" aria-label=\"TIENDA CUDECA BENALM\u00c1DENA ACCESIBLE\" class=\"hover-type-none\"><img decoding=\"async\" width=\"700\" height=\"441\" src=\"https:\/\/www.ongparaocio.org\/wp-content\/uploads\/2025\/10\/WhatsApp-Image-2025-10-03-at-12.23.09-1-700x441.jpeg\" class=\"attachment-recent-posts size-recent-posts lazyload\" alt=\"\" srcset=\"data:image\/svg+xml,%3Csvg%20xmlns%3D%27http%3A%2F%2Fwww.w3.org%2F2000%2Fsvg%27%20width%3D%271600%27%20height%3D%271200%27%20viewBox%3D%270%200%201600%201200%27%3E%3Crect%20width%3D%271600%27%20height%3D%271200%27%20fill-opacity%3D%220%22%2F%3E%3C%2Fsvg%3E\" data-orig-src=\"https:\/\/www.ongparaocio.org\/wp-content\/uploads\/2025\/10\/WhatsApp-Image-2025-10-03-at-12.23.09-1-700x441.jpeg\" data-srcset=\"https:\/\/www.ongparaocio.org\/wp-content\/uploads\/2025\/10\/WhatsApp-Image-2025-10-03-at-12.23.09-1-320x202.jpeg 320w, https:\/\/www.ongparaocio.org\/wp-content\/uploads\/2025\/10\/WhatsApp-Image-2025-10-03-at-12.23.09-1-700x441.jpeg 700w\" data-sizes=\"auto\" \/><\/a><\/li><li><a href=\"https:\/\/www.ongparaocio.org\/index.php\/2025\/10\/06\/tienda-cudeca-benalmadena-accesible\/\" aria-label=\"TIENDA CUDECA BENALM\u00c1DENA ACCESIBLE\" class=\"hover-type-none\"><img decoding=\"async\" width=\"700\" height=\"441\" src=\"https:\/\/www.ongparaocio.org\/wp-content\/uploads\/2025\/10\/WhatsApp-Image-2025-10-03-at-12.23.09-700x441.jpeg\" class=\"attachment-recent-posts size-recent-posts lazyload\" alt=\"\" srcset=\"data:image\/svg+xml,%3Csvg%20xmlns%3D%27http%3A%2F%2Fwww.w3.org%2F2000%2Fsvg%27%20width%3D%271600%27%20height%3D%271318%27%20viewBox%3D%270%200%201600%201318%27%3E%3Crect%20width%3D%271600%27%20height%3D%271318%27%20fill-opacity%3D%220%22%2F%3E%3C%2Fsvg%3E\" data-orig-src=\"https:\/\/www.ongparaocio.org\/wp-content\/uploads\/2025\/10\/WhatsApp-Image-2025-10-03-at-12.23.09-700x441.jpeg\" data-srcset=\"https:\/\/www.ongparaocio.org\/wp-content\/uploads\/2025\/10\/WhatsApp-Image-2025-10-03-at-12.23.09-320x202.jpeg 320w, https:\/\/www.ongparaocio.org\/wp-content\/uploads\/2025\/10\/WhatsApp-Image-2025-10-03-at-12.23.09-700x441.jpeg 700w\" data-sizes=\"auto\" \/><\/a><\/li><\/ul><\/div><div class=\"recent-posts-content\"><span class=\"vcard\" style=\"display: none;\"><span class=\"fn\"><a href=\"https:\/\/www.ongparaocio.org\/index.php\/author\/ong-para-ocio\/\" title=\"Entradas de Jorge Rom\u00e1n\" rel=\"author\">Jorge Rom\u00e1n<\/a><\/span><\/span><span class=\"updated\" style=\"display:none;\">2025-10-06T07:57:24+00:00<\/span><h4 class=\"entry-title\"><a href=\"https:\/\/www.ongparaocio.org\/index.php\/2025\/10\/06\/tienda-cudeca-benalmadena-accesible\/\">TIENDA CUDECA BENALM\u00c1DENA ACCESIBLE<\/a><\/h4><p class=\"meta\"><span class=\"vcard\" style=\"display: none;\"><span class=\"fn\"><a href=\"https:\/\/www.ongparaocio.org\/index.php\/author\/ong-para-ocio\/\" title=\"Entradas de Jorge Rom\u00e1n\" rel=\"author\">Jorge Rom\u00e1n<\/a><\/span><\/span><span class=\"updated\" style=\"display:none;\">2025-10-06T07:57:24+00:00<\/span><span>octubre 6th, 2025<\/span><span class=\"fusion-inline-sep\">|<\/span><span class=\"fusion-comments\"><a href=\"https:\/\/www.ongparaocio.org\/index.php\/2025\/10\/06\/tienda-cudeca-benalmadena-accesible\/#respond\">0 Comments<\/a><\/span><\/p><p>Vera Segesso responsable de la tienda de Cudeca en Avda. Garc\u00eda Lorca ha recibido de manos del presidente de la ONG Paraocio Jorge Rom\u00e1n la placa de reconocimiento por cumplir con las normas que facilitan[...]<\/p><\/div><\/article><article class=\"post fusion-column column col col-lg-4 col-md-4 col-sm-4\"><div class=\"fusion-flexslider fusion-flexslider-loading flexslider flexslider-hover-type-none\"><ul class=\"slides\"><li><a href=\"https:\/\/www.ongparaocio.org\/index.php\/2025\/10\/01\/casa-rafael-benalmadena-accesible\/\" aria-label=\"CASA RAFAEL BENALM\u00c1DENA ACCESIBLE\" class=\"hover-type-none\"><img decoding=\"async\" width=\"700\" height=\"441\" src=\"https:\/\/www.ongparaocio.org\/wp-content\/uploads\/2025\/10\/WhatsApp-Image-2025-10-01-at-11.58.06-1-700x441.jpeg\" class=\"attachment-recent-posts size-recent-posts lazyload\" alt=\"\" srcset=\"data:image\/svg+xml,%3Csvg%20xmlns%3D%27http%3A%2F%2Fwww.w3.org%2F2000%2Fsvg%27%20width%3D%271200%27%20height%3D%271600%27%20viewBox%3D%270%200%201200%201600%27%3E%3Crect%20width%3D%271200%27%20height%3D%271600%27%20fill-opacity%3D%220%22%2F%3E%3C%2Fsvg%3E\" data-orig-src=\"https:\/\/www.ongparaocio.org\/wp-content\/uploads\/2025\/10\/WhatsApp-Image-2025-10-01-at-11.58.06-1-700x441.jpeg\" data-srcset=\"https:\/\/www.ongparaocio.org\/wp-content\/uploads\/2025\/10\/WhatsApp-Image-2025-10-01-at-11.58.06-1-320x202.jpeg 320w, https:\/\/www.ongparaocio.org\/wp-content\/uploads\/2025\/10\/WhatsApp-Image-2025-10-01-at-11.58.06-1-700x441.jpeg 700w\" data-sizes=\"auto\" \/><\/a><\/li><li><a href=\"https:\/\/www.ongparaocio.org\/index.php\/2025\/10\/01\/casa-rafael-benalmadena-accesible\/\" aria-label=\"CASA RAFAEL BENALM\u00c1DENA ACCESIBLE\" class=\"hover-type-none\"><img decoding=\"async\" width=\"700\" height=\"441\" src=\"https:\/\/www.ongparaocio.org\/wp-content\/uploads\/2025\/10\/WhatsApp-Image-2025-10-01-at-11.58.06-700x441.jpeg\" class=\"attachment-recent-posts size-recent-posts lazyload\" alt=\"\" srcset=\"data:image\/svg+xml,%3Csvg%20xmlns%3D%27http%3A%2F%2Fwww.w3.org%2F2000%2Fsvg%27%20width%3D%271600%27%20height%3D%271096%27%20viewBox%3D%270%200%201600%201096%27%3E%3Crect%20width%3D%271600%27%20height%3D%271096%27%20fill-opacity%3D%220%22%2F%3E%3C%2Fsvg%3E\" data-orig-src=\"https:\/\/www.ongparaocio.org\/wp-content\/uploads\/2025\/10\/WhatsApp-Image-2025-10-01-at-11.58.06-700x441.jpeg\" data-srcset=\"https:\/\/www.ongparaocio.org\/wp-content\/uploads\/2025\/10\/WhatsApp-Image-2025-10-01-at-11.58.06-320x202.jpeg 320w, https:\/\/www.ongparaocio.org\/wp-content\/uploads\/2025\/10\/WhatsApp-Image-2025-10-01-at-11.58.06-700x441.jpeg 700w\" data-sizes=\"auto\" \/><\/a><\/li><\/ul><\/div><div class=\"recent-posts-content\"><span class=\"vcard\" style=\"display: none;\"><span class=\"fn\"><a href=\"https:\/\/www.ongparaocio.org\/index.php\/author\/ong-para-ocio\/\" title=\"Entradas de Jorge Rom\u00e1n\" rel=\"author\">Jorge Rom\u00e1n<\/a><\/span><\/span><span class=\"updated\" style=\"display:none;\">2025-10-01T12:31:23+00:00<\/span><h4 class=\"entry-title\"><a href=\"https:\/\/www.ongparaocio.org\/index.php\/2025\/10\/01\/casa-rafael-benalmadena-accesible\/\">CASA RAFAEL BENALM\u00c1DENA ACCESIBLE<\/a><\/h4><p class=\"meta\"><span class=\"vcard\" style=\"display: none;\"><span class=\"fn\"><a href=\"https:\/\/www.ongparaocio.org\/index.php\/author\/ong-para-ocio\/\" title=\"Entradas de Jorge Rom\u00e1n\" rel=\"author\">Jorge Rom\u00e1n<\/a><\/span><\/span><span class=\"updated\" style=\"display:none;\">2025-10-01T12:31:23+00:00<\/span><span>octubre 1st, 2025<\/span><span class=\"fusion-inline-sep\">|<\/span><span class=\"fusion-comments\"><a href=\"https:\/\/www.ongparaocio.org\/index.php\/2025\/10\/01\/casa-rafael-benalmadena-accesible\/#respond\">0 Comments<\/a><\/span><\/p><p>Rafael D\u00edaz propietario del restaurante Casa Rafael ha recibido de manos del presidente de la ONG Paraocio Jorge Rom\u00e1n la placa de reconocimiento por cumplir con las normas que facilitan el acceso a todas las[...]<\/p><\/div><\/article><article class=\"post fusion-column column col col-lg-4 col-md-4 col-sm-4\"><div class=\"fusion-flexslider fusion-flexslider-loading flexslider flexslider-hover-type-none\"><ul class=\"slides\"><li><a href=\"https:\/\/www.ongparaocio.org\/index.php\/2025\/10\/01\/calzados-salani-benalmadena-accesible\/\" aria-label=\"CALZADOS SALANI BENALM\u00c1DENA ACCESIBLE\" class=\"hover-type-none\"><img decoding=\"async\" width=\"700\" height=\"441\" src=\"https:\/\/www.ongparaocio.org\/wp-content\/uploads\/2025\/10\/WhatsApp-Image-2025-09-26-at-11.53.38-1-700x441.jpeg\" class=\"attachment-recent-posts size-recent-posts lazyload\" alt=\"\" srcset=\"data:image\/svg+xml,%3Csvg%20xmlns%3D%27http%3A%2F%2Fwww.w3.org%2F2000%2Fsvg%27%20width%3D%271600%27%20height%3D%271200%27%20viewBox%3D%270%200%201600%201200%27%3E%3Crect%20width%3D%271600%27%20height%3D%271200%27%20fill-opacity%3D%220%22%2F%3E%3C%2Fsvg%3E\" data-orig-src=\"https:\/\/www.ongparaocio.org\/wp-content\/uploads\/2025\/10\/WhatsApp-Image-2025-09-26-at-11.53.38-1-700x441.jpeg\" data-srcset=\"https:\/\/www.ongparaocio.org\/wp-content\/uploads\/2025\/10\/WhatsApp-Image-2025-09-26-at-11.53.38-1-320x202.jpeg 320w, https:\/\/www.ongparaocio.org\/wp-content\/uploads\/2025\/10\/WhatsApp-Image-2025-09-26-at-11.53.38-1-700x441.jpeg 700w\" data-sizes=\"auto\" \/><\/a><\/li><li><a href=\"https:\/\/www.ongparaocio.org\/index.php\/2025\/10\/01\/calzados-salani-benalmadena-accesible\/\" aria-label=\"CALZADOS SALANI BENALM\u00c1DENA ACCESIBLE\" class=\"hover-type-none\"><img decoding=\"async\" width=\"700\" height=\"441\" src=\"https:\/\/www.ongparaocio.org\/wp-content\/uploads\/2025\/10\/WhatsApp-Image-2025-09-26-at-11.53.38-700x441.jpeg\" class=\"attachment-recent-posts size-recent-posts lazyload\" alt=\"\" srcset=\"data:image\/svg+xml,%3Csvg%20xmlns%3D%27http%3A%2F%2Fwww.w3.org%2F2000%2Fsvg%27%20width%3D%271600%27%20height%3D%271328%27%20viewBox%3D%270%200%201600%201328%27%3E%3Crect%20width%3D%271600%27%20height%3D%271328%27%20fill-opacity%3D%220%22%2F%3E%3C%2Fsvg%3E\" data-orig-src=\"https:\/\/www.ongparaocio.org\/wp-content\/uploads\/2025\/10\/WhatsApp-Image-2025-09-26-at-11.53.38-700x441.jpeg\" data-srcset=\"https:\/\/www.ongparaocio.org\/wp-content\/uploads\/2025\/10\/WhatsApp-Image-2025-09-26-at-11.53.38-320x202.jpeg 320w, https:\/\/www.ongparaocio.org\/wp-content\/uploads\/2025\/10\/WhatsApp-Image-2025-09-26-at-11.53.38-700x441.jpeg 700w\" data-sizes=\"auto\" \/><\/a><\/li><\/ul><\/div><div class=\"recent-posts-content\"><span class=\"vcard\" style=\"display: none;\"><span class=\"fn\"><a href=\"https:\/\/www.ongparaocio.org\/index.php\/author\/ong-para-ocio\/\" title=\"Entradas de Jorge Rom\u00e1n\" rel=\"author\">Jorge Rom\u00e1n<\/a><\/span><\/span><span class=\"updated\" style=\"display:none;\">2025-10-01T12:29:13+00:00<\/span><h4 class=\"entry-title\"><a href=\"https:\/\/www.ongparaocio.org\/index.php\/2025\/10\/01\/calzados-salani-benalmadena-accesible\/\">CALZADOS SALANI BENALM\u00c1DENA ACCESIBLE<\/a><\/h4><p class=\"meta\"><span class=\"vcard\" style=\"display: none;\"><span class=\"fn\"><a href=\"https:\/\/www.ongparaocio.org\/index.php\/author\/ong-para-ocio\/\" title=\"Entradas de Jorge Rom\u00e1n\" rel=\"author\">Jorge Rom\u00e1n<\/a><\/span><\/span><span class=\"updated\" style=\"display:none;\">2025-10-01T12:29:13+00:00<\/span><span>octubre 1st, 2025<\/span><span class=\"fusion-inline-sep\">|<\/span><span class=\"fusion-comments\"><a href=\"https:\/\/www.ongparaocio.org\/index.php\/2025\/10\/01\/calzados-salani-benalmadena-accesible\/#respond\">0 Comments<\/a><\/span><\/p><p>Mar\u00eda Eugenia Burgos del Cid\u00a0 responsable de calzados Salani ha recibido de manos del presidente de la ONG Paraocio Jorge Rom\u00e1n la placa de reconocimiento por cumplir con las normas que facilitan el acceso a[...]<\/p><\/div><\/article><\/section><\/div><\/div><\/div><\/div><\/div>\n","protected":false},"excerpt":{"rendered":"","protected":false},"author":1,"featured_media":0,"parent":0,"menu_order":0,"comment_status":"closed","ping_status":"closed","template":"","meta":{"footnotes":""},"class_list":["post-1768","page","type-page","status-publish","hentry"],"_links":{"self":[{"href":"https:\/\/www.ongparaocio.org\/index.php\/wp-json\/wp\/v2\/pages\/1768","targetHints":{"allow":["GET"]}}],"collection":[{"href":"https:\/\/www.ongparaocio.org\/index.php\/wp-json\/wp\/v2\/pages"}],"about":[{"href":"https:\/\/www.ongparaocio.org\/index.php\/wp-json\/wp\/v2\/types\/page"}],"author":[{"embeddable":true,"href":"https:\/\/www.ongparaocio.org\/index.php\/wp-json\/wp\/v2\/users\/1"}],"replies":[{"embeddable":true,"href":"https:\/\/www.ongparaocio.org\/index.php\/wp-json\/wp\/v2\/comments?post=1768"}],"version-history":[{"count":5,"href":"https:\/\/www.ongparaocio.org\/index.php\/wp-json\/wp\/v2\/pages\/1768\/revisions"}],"predecessor-version":[{"id":2091,"href":"https:\/\/www.ongparaocio.org\/index.php\/wp-json\/wp\/v2\/pages\/1768\/revisions\/2091"}],"wp:attachment":[{"href":"https:\/\/www.ongparaocio.org\/index.php\/wp-json\/wp\/v2\/media?parent=1768"}],"curies":[{"name":"wp","href":"https:\/\/api.w.org\/{rel}","templated":true}]}}